{"id":6033,"date":"2023-11-27T23:14:54","date_gmt":"2023-11-27T23:14:54","guid":{"rendered":"http:\/\/circular.detras.co\/?page_id=6033"},"modified":"2023-12-19T12:13:03","modified_gmt":"2023-12-19T12:13:03","slug":"blog","status":"publish","type":"page","link":"http:\/\/circular-cs.pt\/pt\/blog\/","title":{"rendered":"Blog"},"content":{"rendered":"\t\t<div data-elementor-type=\"wp-page\" data-elementor-id=\"6033\" class=\"elementor elementor-6033\">\n\t\t\t\t\t\t<section class=\"elementor-section elementor-top-section elementor-element elementor-element-bf8b6a0 elementor-section-full_width elementor-section-stretched elementor-section-height-default elementor-section-height-default wpr-particle-no wpr-jarallax-no wpr-parallax-no wpr-sticky-section-no\" data-id=\"bf8b6a0\" data-element_type=\"section\" data-settings=\"{&quot;stretch_section&quot;:&quot;section-stretched&quot;,&quot;background_background&quot;:&quot;video&quot;,&quot;background_video_link&quot;:&quot;http:\\\/\\\/circular.detras.co\\\/wp-content\\\/uploads\\\/2023\\\/06\\\/Sequence-01_12.mp4&quot;,&quot;background_play_on_mobile&quot;:&quot;yes&quot;,&quot;_ha_eqh_enable&quot;:false}\">\n\t\t\t\t\t\t\t\t<div class=\"elementor-background-video-container\">\n\t\t\t\t\t\t\t\t\t\t\t\t\t<video class=\"elementor-background-video-hosted elementor-html5-video\" autoplay muted playsinline loop><\/video>\n\t\t\t\t\t\t\t\t\t\t\t<\/div>\n\t\t\t\t\t\t\t\t\t<div class=\"elementor-background-overlay\"><\/div>\n\t\t\t\t\t\t\t<div class=\"elementor-container elementor-column-gap-default\">\n\t\t\t\t\t<div class=\"elementor-column elementor-col-100 elementor-top-column elementor-element elementor-element-3b447a2\" data-id=\"3b447a2\" data-element_type=\"column\">\n\t\t\t<div class=\"elementor-widget-wrap elementor-element-populated\">\n\t\t\t\t\t\t<div class=\"elementor-element elementor-element-f4bc974 align-center elementor-widget elementor-widget-mae-headings\" data-id=\"f4bc974\" data-element_type=\"widget\" data-widget_type=\"mae-headings.default\">\n\t\t\t\t<div class=\"elementor-widget-container\">\n\t\t\t\t\t<div class=\"master-heading\">\n\t        \n\t        \t        <h2 class=\"main-heading\">BLOG<\/h2>\n\t        \n\t        \n\t        \t    <\/div>\n\t    \t\t<\/div>\n\t\t\t\t<\/div>\n\t\t\t\t\t<\/div>\n\t\t<\/div>\n\t\t\t\t\t<\/div>\n\t\t<\/section>\n\t\t\t\t<section class=\"elementor-section elementor-top-section elementor-element elementor-element-8655b6b elementor-section-boxed elementor-section-height-default elementor-section-height-default wpr-particle-no wpr-jarallax-no wpr-parallax-no wpr-sticky-section-no\" data-id=\"8655b6b\" data-element_type=\"section\" data-settings=\"{&quot;_ha_eqh_enable&quot;:false}\">\n\t\t\t\t\t\t<div class=\"elementor-container elementor-column-gap-default\">\n\t\t\t\t\t<div class=\"elementor-column elementor-col-100 elementor-top-column elementor-element elementor-element-5b5f4d5\" data-id=\"5b5f4d5\" data-element_type=\"column\">\n\t\t\t<div class=\"elementor-widget-wrap elementor-element-populated\">\n\t\t\t\t\t\t<div class=\"elementor-element elementor-element-bbc180a elementor-widget elementor-widget-spacer\" data-id=\"bbc180a\" data-element_type=\"widget\" data-widget_type=\"spacer.default\">\n\t\t\t\t<div class=\"elementor-widget-container\">\n\t\t\t<style>\/*! elementor - v3.19.0 - 05-02-2024 *\/\n.elementor-column .elementor-spacer-inner{height:var(--spacer-size)}.e-con{--container-widget-width:100%}.e-con-inner>.elementor-widget-spacer,.e-con>.elementor-widget-spacer{width:var(--container-widget-width,var(--spacer-size));--align-self:var(--container-widget-align-self,initial);--flex-shrink:0}.e-con-inner>.elementor-widget-spacer>.elementor-widget-container,.e-con>.elementor-widget-spacer>.elementor-widget-container{height:100%;width:100%}.e-con-inner>.elementor-widget-spacer>.elementor-widget-container>.elementor-spacer,.e-con>.elementor-widget-spacer>.elementor-widget-container>.elementor-spacer{height:100%}.e-con-inner>.elementor-widget-spacer>.elementor-widget-container>.elementor-spacer>.elementor-spacer-inner,.e-con>.elementor-widget-spacer>.elementor-widget-container>.elementor-spacer>.elementor-spacer-inner{height:var(--container-widget-height,var(--spacer-size))}.e-con-inner>.elementor-widget-spacer.elementor-widget-empty,.e-con>.elementor-widget-spacer.elementor-widget-empty{position:relative;min-height:22px;min-width:22px}.e-con-inner>.elementor-widget-spacer.elementor-widget-empty .elementor-widget-empty-icon,.e-con>.elementor-widget-spacer.elementor-widget-empty .elementor-widget-empty-icon{position:absolute;top:0;bottom:0;left:0;right:0;margin:auto;padding:0;width:22px;height:22px}<\/style>\t\t<div class=\"elementor-spacer\">\n\t\t\t<div class=\"elementor-spacer-inner\"><\/div>\n\t\t<\/div>\n\t\t\t\t<\/div>\n\t\t\t\t<\/div>\n\t\t\t\t<div class=\"elementor-element elementor-element-f1d9c06 align-left elementor-widget elementor-widget-mae-headings\" data-id=\"f1d9c06\" data-element_type=\"widget\" data-widget_type=\"mae-headings.default\">\n\t\t\t\t<div class=\"elementor-widget-container\">\n\t\t\t\t\t<div class=\"master-heading\">\n\t        \t            <div class=\"pre-heading\">BLOG<\/div>\n\t        \n\t        \t        <h2 class=\"main-heading\">Not\u00edcias e eventos recentes<\/h2>\n\t        \n\t        \t        <div class=\"divider\"><\/div>\n\t        \n\t        \t    <\/div>\n\t    \t\t<\/div>\n\t\t\t\t<\/div>\n\t\t\t\t<div class=\"elementor-element elementor-element-8c5f772 premium-blog-align-left elementor-widget elementor-widget-premium-addon-blog\" data-id=\"8c5f772\" data-element_type=\"widget\" data-settings=\"{&quot;force_height&quot;:&quot;true&quot;,&quot;premium_blog_columns_number&quot;:&quot;33.33%&quot;,&quot;premium_blog_infinite_scroll&quot;:&quot;yes&quot;,&quot;premium_blog_grid&quot;:&quot;yes&quot;,&quot;premium_blog_layout&quot;:&quot;even&quot;,&quot;premium_blog_columns_number_tablet&quot;:&quot;50%&quot;,&quot;premium_blog_columns_number_mobile&quot;:&quot;100%&quot;,&quot;scroll_to_offset&quot;:&quot;yes&quot;}\" data-widget_type=\"premium-addon-blog.default\">\n\t\t\t\t<div class=\"elementor-widget-container\">\n\t\t\t\r\n\t\t\t\t\t\t\t<div class=\"premium-blog-filter\">\r\n\t\t\t<ul class=\"premium-blog-filters-container\">\r\n\t\t\t\t\t\t\t\t\t<li>\r\n\t\t\t\t\t\t<a href=\"javascript:;\" class=\"category active\" data-filter=\"*\">\r\n\t\t\t\t\t\t\tTudo\t\t\t\t\t\t<\/a>\r\n\t\t\t\t\t<\/li>\r\n\t\t\t\t\t\t\t\t\t\t\t\t\t\t<li>\r\n\t\t\t\t\t\t\t<a href=\"javascript:;\" class=\"category\" data-filter=\"avaliacao-do-ciclo-de-vida\">\r\n\t\t\t\t\t\t\t\tAvalia\u00e7\u00e3o do Ciclo de Vida\t\t\t\t\t\t\t<\/a>\r\n\t\t\t\t\t\t<\/li>\r\n\t\t\t\t\t\t\t\t\t\t<li>\r\n\t\t\t\t\t\t\t<a href=\"javascript:;\" class=\"category\" data-filter=\"economia-circular\">\r\n\t\t\t\t\t\t\t\tEconomia Circular\t\t\t\t\t\t\t<\/a>\r\n\t\t\t\t\t\t<\/li>\r\n\t\t\t\t\t\t\t\t\t\t<li>\r\n\t\t\t\t\t\t\t<a href=\"javascript:;\" class=\"category\" data-filter=\"gestao-sustentavel-de-recursos\">\r\n\t\t\t\t\t\t\t\tGest\u00e3o Sustent\u00e1vel de Recursos\t\t\t\t\t\t\t<\/a>\r\n\t\t\t\t\t\t<\/li>\r\n\t\t\t\t\t\t\t<\/ul>\r\n\t\t<\/div>\r\n\t\t\t\t\t\t<div class=\"premium-blog-wrap  premium-blog-even\" data-page=\"6033\">\r\n\t\t\t\t\t<div class=\"premium-blog-post-outer-container avaliacao-do-ciclo-de-vida\" data-total=\"1\">\r\n\t\t\t<div class=\"premium-blog-post-container premium-blog-skin-classic\">\r\n\t\t\t\t\t\t\t\t\t<div class=\"premium-blog-thumb-effect-wrapper\">\r\n\t\t\t\t\t\t<div class=\"premium-blog-thumbnail-container premium-blog-zoomin-effect\">\r\n\t\t\t\t\t\t\t<img fetchpriority=\"high\" decoding=\"async\" width=\"400\" height=\"400\" src=\"https:\/\/circular-cs.pt\/wp-content\/uploads\/2024\/01\/afrifoods.jpg\" class=\"attachment-full size-full wp-image-6378\" alt=\"\" srcset=\"https:\/\/circular-cs.pt\/wp-content\/uploads\/2024\/01\/afrifoods.jpg 400w, https:\/\/circular-cs.pt\/wp-content\/uploads\/2024\/01\/afrifoods-300x300.jpg 300w, https:\/\/circular-cs.pt\/wp-content\/uploads\/2024\/01\/afrifoods-150x150.jpg 150w, https:\/\/circular-cs.pt\/wp-content\/uploads\/2024\/01\/afrifoods-12x12.jpg 12w, https:\/\/circular-cs.pt\/wp-content\/uploads\/2024\/01\/afrifoods-170x170.jpg 170w\" sizes=\"(max-width: 400px) 100vw, 400px\" \/>\t\t\t\t\t\t<\/div>\r\n\t\t\t\t\t\t\t\t\t\t\t\t\t<div class=\"premium-blog-thumbnail-overlay\">\r\n\t\t\t\t\t\t\t\t<a class=\"elementor-icon\" href=\"http:\/\/circular-cs.pt\/pt\/afrifoodlinks-lisboa-e-uma-das-cidades-convidadas-a-participar-num-projeto-de-troca-de-experiencias-sobre-sistemas-alimentares-de-cidades-africanas-e-europeias\/\" target=\"_blank\" aria-hidden=\"true\"><span>AfriFOODlinks \u2013 Lisboa \u00e9 uma das cidades convidadas a participar num projeto de troca de experi\u00eancias sobre sistemas alimentares de cidades africanas e europeias<\/span><\/a>\r\n\t\t\t\t\t\t\t<\/div>\r\n\t\t\t\t\t\t\t\t\t\t\t<\/div>\r\n\t\t\t\t\t\t\t\t\t\t\t\t<div class=\"premium-blog-content-wrapper \">\r\n\r\n\t\t\t\t\t<div class=\"premium-blog-inner-container\">\r\n\r\n\t\t\t\t\t\t\t\t\t\t\t\t\t\t<h2 class=\"premium-blog-entry-title\">\r\n\t\t\t<a href=\"http:\/\/circular-cs.pt\/pt\/afrifoodlinks-lisboa-e-uma-das-cidades-convidadas-a-participar-num-projeto-de-troca-de-experiencias-sobre-sistemas-alimentares-de-cidades-africanas-e-europeias\/\" target=\"_blank\">\r\n\t\t\t\tAfriFOODlinks \u2013 Lisboa \u00e9 uma das cidades convidadas a participar num projeto de troca de experi\u00eancias sobre sistemas alimentares de cidades africanas e europeias\t\t\t<\/a>\r\n\t\t<\/h2>\r\n\t\t\t\t<div class=\"premium-blog-entry-meta\">\r\n\t\t\t\r\n\t\t\t\r\n\t\t\t\r\n\t\t\t\t\t<\/div>\r\n\t\t\r\n\t\t\t\t\t<\/div>\r\n\r\n\t\t\t\t\t\t\t\t\t\t\r\n\t\t\t\t<\/div>\r\n\t\t\t<\/div>\r\n\t\t<\/div>\r\n\r\n\t\t\t\t<div class=\"premium-blog-post-outer-container avaliacao-do-ciclo-de-vida\" data-total=\"1\">\r\n\t\t\t<div class=\"premium-blog-post-container premium-blog-skin-classic\">\r\n\t\t\t\t\t\t\t\t\t<div class=\"premium-blog-thumb-effect-wrapper\">\r\n\t\t\t\t\t\t<div class=\"premium-blog-thumbnail-container premium-blog-zoomin-effect\">\r\n\t\t\t\t\t\t\t<img decoding=\"async\" width=\"400\" height=\"400\" src=\"https:\/\/circular-cs.pt\/wp-content\/uploads\/2023\/12\/lixo.jpg\" class=\"attachment-full size-full wp-image-6322\" alt=\"\" srcset=\"https:\/\/circular-cs.pt\/wp-content\/uploads\/2023\/12\/lixo.jpg 400w, https:\/\/circular-cs.pt\/wp-content\/uploads\/2023\/12\/lixo-300x300.jpg 300w, https:\/\/circular-cs.pt\/wp-content\/uploads\/2023\/12\/lixo-150x150.jpg 150w, https:\/\/circular-cs.pt\/wp-content\/uploads\/2023\/12\/lixo-12x12.jpg 12w, https:\/\/circular-cs.pt\/wp-content\/uploads\/2023\/12\/lixo-170x170.jpg 170w\" sizes=\"(max-width: 400px) 100vw, 400px\" \/>\t\t\t\t\t\t<\/div>\r\n\t\t\t\t\t\t\t\t\t\t\t\t\t<div class=\"premium-blog-thumbnail-overlay\">\r\n\t\t\t\t\t\t\t\t<a class=\"elementor-icon\" href=\"http:\/\/circular-cs.pt\/pt\/papersu-de-municipios-da-comunidade-intermunicipal-do-oeste-oestecim\/\" target=\"_blank\" aria-hidden=\"true\"><span>PAPERSU de munic\u00edpios da Comunidade Intermunicipal do Oeste &#8211; OesteCIM<\/span><\/a>\r\n\t\t\t\t\t\t\t<\/div>\r\n\t\t\t\t\t\t\t\t\t\t\t<\/div>\r\n\t\t\t\t\t\t\t\t\t\t\t\t<div class=\"premium-blog-content-wrapper \">\r\n\r\n\t\t\t\t\t<div class=\"premium-blog-inner-container\">\r\n\r\n\t\t\t\t\t\t\t\t\t\t\t\t\t\t<h2 class=\"premium-blog-entry-title\">\r\n\t\t\t<a href=\"http:\/\/circular-cs.pt\/pt\/papersu-de-municipios-da-comunidade-intermunicipal-do-oeste-oestecim\/\" target=\"_blank\">\r\n\t\t\t\tPAPERSU de munic\u00edpios da Comunidade Intermunicipal do Oeste &#8211; OesteCIM\t\t\t<\/a>\r\n\t\t<\/h2>\r\n\t\t\t\t<div class=\"premium-blog-entry-meta\">\r\n\t\t\t\r\n\t\t\t\r\n\t\t\t\r\n\t\t\t\t\t<\/div>\r\n\t\t\r\n\t\t\t\t\t<\/div>\r\n\r\n\t\t\t\t\t\t\t\t\t\t\r\n\t\t\t\t<\/div>\r\n\t\t\t<\/div>\r\n\t\t<\/div>\r\n\r\n\t\t\t\t<div class=\"premium-blog-post-outer-container economia-circular\" data-total=\"1\">\r\n\t\t\t<div class=\"premium-blog-post-container premium-blog-skin-classic\">\r\n\t\t\t\t\t\t\t\t\t<div class=\"premium-blog-thumb-effect-wrapper\">\r\n\t\t\t\t\t\t<div class=\"premium-blog-thumbnail-container premium-blog-zoomin-effect\">\r\n\t\t\t\t\t\t\t<img decoding=\"async\" width=\"400\" height=\"400\" src=\"https:\/\/circular-cs.pt\/wp-content\/uploads\/2023\/12\/pestunu.jpg\" class=\"attachment-full size-full wp-image-6323\" alt=\"\" srcset=\"https:\/\/circular-cs.pt\/wp-content\/uploads\/2023\/12\/pestunu.jpg 400w, https:\/\/circular-cs.pt\/wp-content\/uploads\/2023\/12\/pestunu-300x300.jpg 300w, https:\/\/circular-cs.pt\/wp-content\/uploads\/2023\/12\/pestunu-150x150.jpg 150w, https:\/\/circular-cs.pt\/wp-content\/uploads\/2023\/12\/pestunu-12x12.jpg 12w, https:\/\/circular-cs.pt\/wp-content\/uploads\/2023\/12\/pestunu-170x170.jpg 170w\" sizes=\"(max-width: 400px) 100vw, 400px\" \/>\t\t\t\t\t\t<\/div>\r\n\t\t\t\t\t\t\t\t\t\t\t\t\t<div class=\"premium-blog-thumbnail-overlay\">\r\n\t\t\t\t\t\t\t\t<a class=\"elementor-icon\" href=\"http:\/\/circular-cs.pt\/pt\/avaliacao-do-ciclo-de-vida-de-solucoes-agricolas-inovadoras\/\" target=\"_blank\" aria-hidden=\"true\"><span>Avalia\u00e7\u00e3o do Ciclo de Vida de Solu\u00e7\u00f5es Agr\u00edcolas Inovadoras<\/span><\/a>\r\n\t\t\t\t\t\t\t<\/div>\r\n\t\t\t\t\t\t\t\t\t\t\t<\/div>\r\n\t\t\t\t\t\t\t\t\t\t\t\t<div class=\"premium-blog-content-wrapper \">\r\n\r\n\t\t\t\t\t<div class=\"premium-blog-inner-container\">\r\n\r\n\t\t\t\t\t\t\t\t\t\t\t\t\t\t<h2 class=\"premium-blog-entry-title\">\r\n\t\t\t<a href=\"http:\/\/circular-cs.pt\/pt\/avaliacao-do-ciclo-de-vida-de-solucoes-agricolas-inovadoras\/\" target=\"_blank\">\r\n\t\t\t\tAvalia\u00e7\u00e3o do Ciclo de Vida de Solu\u00e7\u00f5es Agr\u00edcolas Inovadoras\t\t\t<\/a>\r\n\t\t<\/h2>\r\n\t\t\t\t<div class=\"premium-blog-entry-meta\">\r\n\t\t\t\r\n\t\t\t\r\n\t\t\t\r\n\t\t\t\t\t<\/div>\r\n\t\t\r\n\t\t\t\t\t<\/div>\r\n\r\n\t\t\t\t\t\t\t\t\t\t\r\n\t\t\t\t<\/div>\r\n\t\t\t<\/div>\r\n\t\t<\/div>\r\n\r\n\t\t\t\t<div class=\"premium-blog-post-outer-container economia-circular\" data-total=\"1\">\r\n\t\t\t<div class=\"premium-blog-post-container premium-blog-skin-classic\">\r\n\t\t\t\t\t\t\t\t\t<div class=\"premium-blog-thumb-effect-wrapper\">\r\n\t\t\t\t\t\t<div class=\"premium-blog-thumbnail-container premium-blog-zoomin-effect\">\r\n\t\t\t\t\t\t\t<img loading=\"lazy\" decoding=\"async\" width=\"400\" height=\"400\" src=\"https:\/\/circular-cs.pt\/wp-content\/uploads\/2020\/10\/3.png\" class=\"attachment-full size-full wp-image-5389\" alt=\"\" srcset=\"https:\/\/circular-cs.pt\/wp-content\/uploads\/2020\/10\/3.png 400w, https:\/\/circular-cs.pt\/wp-content\/uploads\/2020\/10\/3-300x300.png 300w, https:\/\/circular-cs.pt\/wp-content\/uploads\/2020\/10\/3-150x150.png 150w, https:\/\/circular-cs.pt\/wp-content\/uploads\/2020\/10\/3-170x170.png 170w, https:\/\/circular-cs.pt\/wp-content\/uploads\/2020\/10\/3-370x370.png 370w, https:\/\/circular-cs.pt\/wp-content\/uploads\/2020\/10\/3-100x100.png 100w\" sizes=\"(max-width: 400px) 100vw, 400px\" \/>\t\t\t\t\t\t<\/div>\r\n\t\t\t\t\t\t\t\t\t\t\t\t\t<div class=\"premium-blog-thumbnail-overlay\">\r\n\t\t\t\t\t\t\t\t<a class=\"elementor-icon\" href=\"http:\/\/circular-cs.pt\/pt\/circular-apoia-a-apima-a-avaliar-as-boas-praticas-de-economia-circular-dos-seus-associados\/\" target=\"_blank\" aria-hidden=\"true\"><span>Circular apoia a APIMA a avaliar as boas pr\u00e1ticas de Economia Circular dos seus associados<\/span><\/a>\r\n\t\t\t\t\t\t\t<\/div>\r\n\t\t\t\t\t\t\t\t\t\t\t<\/div>\r\n\t\t\t\t\t\t\t\t\t\t\t\t<div class=\"premium-blog-content-wrapper \">\r\n\r\n\t\t\t\t\t<div class=\"premium-blog-inner-container\">\r\n\r\n\t\t\t\t\t\t\t\t\t\t\t\t\t\t<h2 class=\"premium-blog-entry-title\">\r\n\t\t\t<a href=\"http:\/\/circular-cs.pt\/pt\/circular-apoia-a-apima-a-avaliar-as-boas-praticas-de-economia-circular-dos-seus-associados\/\" target=\"_blank\">\r\n\t\t\t\tCircular apoia a APIMA a avaliar as boas pr\u00e1ticas de Economia Circular dos seus associados\t\t\t<\/a>\r\n\t\t<\/h2>\r\n\t\t\t\t<div class=\"premium-blog-entry-meta\">\r\n\t\t\t\r\n\t\t\t\r\n\t\t\t\r\n\t\t\t\t\t<\/div>\r\n\t\t\r\n\t\t\t\t\t<\/div>\r\n\r\n\t\t\t\t\t\t\t\t\t\t\r\n\t\t\t\t<\/div>\r\n\t\t\t<\/div>\r\n\t\t<\/div>\r\n\r\n\t\t\t\t<div class=\"premium-blog-post-outer-container avaliacao-do-ciclo-de-vida\" data-total=\"1\">\r\n\t\t\t<div class=\"premium-blog-post-container premium-blog-skin-classic\">\r\n\t\t\t\t\t\t\t\t\t<div class=\"premium-blog-thumb-effect-wrapper\">\r\n\t\t\t\t\t\t<div class=\"premium-blog-thumbnail-container premium-blog-zoomin-effect\">\r\n\t\t\t\t\t\t\t<img loading=\"lazy\" decoding=\"async\" width=\"400\" height=\"400\" src=\"https:\/\/circular-cs.pt\/wp-content\/uploads\/2020\/10\/1.png\" class=\"attachment-full size-full wp-image-5391\" alt=\"\" srcset=\"https:\/\/circular-cs.pt\/wp-content\/uploads\/2020\/10\/1.png 400w, https:\/\/circular-cs.pt\/wp-content\/uploads\/2020\/10\/1-300x300.png 300w, https:\/\/circular-cs.pt\/wp-content\/uploads\/2020\/10\/1-150x150.png 150w, https:\/\/circular-cs.pt\/wp-content\/uploads\/2020\/10\/1-170x170.png 170w, https:\/\/circular-cs.pt\/wp-content\/uploads\/2020\/10\/1-370x370.png 370w, https:\/\/circular-cs.pt\/wp-content\/uploads\/2020\/10\/1-100x100.png 100w\" sizes=\"(max-width: 400px) 100vw, 400px\" \/>\t\t\t\t\t\t<\/div>\r\n\t\t\t\t\t\t\t\t\t\t\t\t\t<div class=\"premium-blog-thumbnail-overlay\">\r\n\t\t\t\t\t\t\t\t<a class=\"elementor-icon\" href=\"http:\/\/circular-cs.pt\/pt\/publicado-o-relatorio-do-diagnostico-participativo-do-estado-de-valorizacao-de-residuos-alimentares-em-lisboa\/\" target=\"_blank\" aria-hidden=\"true\"><span>Publicado o Relat\u00f3rio do Diagn\u00f3stico Participativo do Estado de Valoriza\u00e7\u00e3o de Res\u00edduos Alimentares em Lisboa<\/span><\/a>\r\n\t\t\t\t\t\t\t<\/div>\r\n\t\t\t\t\t\t\t\t\t\t\t<\/div>\r\n\t\t\t\t\t\t\t\t\t\t\t\t<div class=\"premium-blog-content-wrapper \">\r\n\r\n\t\t\t\t\t<div class=\"premium-blog-inner-container\">\r\n\r\n\t\t\t\t\t\t\t\t\t\t\t\t\t\t<h2 class=\"premium-blog-entry-title\">\r\n\t\t\t<a href=\"http:\/\/circular-cs.pt\/pt\/publicado-o-relatorio-do-diagnostico-participativo-do-estado-de-valorizacao-de-residuos-alimentares-em-lisboa\/\" target=\"_blank\">\r\n\t\t\t\tPublicado o Relat\u00f3rio do Diagn\u00f3stico Participativo do Estado de Valoriza\u00e7\u00e3o de Res\u00edduos Alimentares em Lisboa\t\t\t<\/a>\r\n\t\t<\/h2>\r\n\t\t\t\t<div class=\"premium-blog-entry-meta\">\r\n\t\t\t\r\n\t\t\t\r\n\t\t\t\r\n\t\t\t\t\t<\/div>\r\n\t\t\r\n\t\t\t\t\t<\/div>\r\n\r\n\t\t\t\t\t\t\t\t\t\t\r\n\t\t\t\t<\/div>\r\n\t\t\t<\/div>\r\n\t\t<\/div>\r\n\r\n\t\t\t\t<div class=\"premium-blog-post-outer-container gestao-sustentavel-de-recursos\" data-total=\"1\">\r\n\t\t\t<div class=\"premium-blog-post-container premium-blog-skin-classic\">\r\n\t\t\t\t\t\t\t\t\t<div class=\"premium-blog-thumb-effect-wrapper\">\r\n\t\t\t\t\t\t<div class=\"premium-blog-thumbnail-container premium-blog-zoomin-effect\">\r\n\t\t\t\t\t\t\t<img loading=\"lazy\" decoding=\"async\" width=\"400\" height=\"400\" src=\"https:\/\/circular-cs.pt\/wp-content\/uploads\/2020\/10\/2-1.png\" class=\"attachment-full size-full wp-image-5392\" alt=\"\" srcset=\"https:\/\/circular-cs.pt\/wp-content\/uploads\/2020\/10\/2-1.png 400w, https:\/\/circular-cs.pt\/wp-content\/uploads\/2020\/10\/2-1-300x300.png 300w, https:\/\/circular-cs.pt\/wp-content\/uploads\/2020\/10\/2-1-150x150.png 150w, https:\/\/circular-cs.pt\/wp-content\/uploads\/2020\/10\/2-1-170x170.png 170w, https:\/\/circular-cs.pt\/wp-content\/uploads\/2020\/10\/2-1-370x370.png 370w, https:\/\/circular-cs.pt\/wp-content\/uploads\/2020\/10\/2-1-100x100.png 100w\" sizes=\"(max-width: 400px) 100vw, 400px\" \/>\t\t\t\t\t\t<\/div>\r\n\t\t\t\t\t\t\t\t\t\t\t\t\t<div class=\"premium-blog-thumbnail-overlay\">\r\n\t\t\t\t\t\t\t\t<a class=\"elementor-icon\" href=\"http:\/\/circular-cs.pt\/pt\/circular-aderiu-a-rede-de-parceiros-classe-da-adene\/\" target=\"_blank\" aria-hidden=\"true\"><span>Circular aderiu \u00e0 rede de parceiros CLASSE + da ADENE<\/span><\/a>\r\n\t\t\t\t\t\t\t<\/div>\r\n\t\t\t\t\t\t\t\t\t\t\t<\/div>\r\n\t\t\t\t\t\t\t\t\t\t\t\t<div class=\"premium-blog-content-wrapper \">\r\n\r\n\t\t\t\t\t<div class=\"premium-blog-inner-container\">\r\n\r\n\t\t\t\t\t\t\t\t\t\t\t\t\t\t<h2 class=\"premium-blog-entry-title\">\r\n\t\t\t<a href=\"http:\/\/circular-cs.pt\/pt\/circular-aderiu-a-rede-de-parceiros-classe-da-adene\/\" target=\"_blank\">\r\n\t\t\t\tCircular aderiu \u00e0 rede de parceiros CLASSE + da ADENE\t\t\t<\/a>\r\n\t\t<\/h2>\r\n\t\t\t\t<div class=\"premium-blog-entry-meta\">\r\n\t\t\t\r\n\t\t\t\r\n\t\t\t\r\n\t\t\t\t\t<\/div>\r\n\t\t\r\n\t\t\t\t\t<\/div>\r\n\r\n\t\t\t\t\t\t\t\t\t\t\r\n\t\t\t\t<\/div>\r\n\t\t\t<\/div>\r\n\t\t<\/div>\r\n\r\n\t\t\t\t<div class=\"premium-blog-post-outer-container gestao-sustentavel-de-recursos\" data-total=\"1\">\r\n\t\t\t<div class=\"premium-blog-post-container premium-blog-skin-classic\">\r\n\t\t\t\t\t\t\t\t\t<div class=\"premium-blog-thumb-effect-wrapper\">\r\n\t\t\t\t\t\t<div class=\"premium-blog-thumbnail-container premium-blog-zoomin-effect\">\r\n\t\t\t\t\t\t\t<img loading=\"lazy\" decoding=\"async\" width=\"400\" height=\"400\" src=\"https:\/\/circular-cs.pt\/wp-content\/uploads\/2023\/08\/Untitsled-1.png\" class=\"attachment-full size-full wp-image-5681\" alt=\"\" srcset=\"https:\/\/circular-cs.pt\/wp-content\/uploads\/2023\/08\/Untitsled-1.png 400w, https:\/\/circular-cs.pt\/wp-content\/uploads\/2023\/08\/Untitsled-1-300x300.png 300w, https:\/\/circular-cs.pt\/wp-content\/uploads\/2023\/08\/Untitsled-1-150x150.png 150w, https:\/\/circular-cs.pt\/wp-content\/uploads\/2023\/08\/Untitsled-1-170x170.png 170w\" sizes=\"(max-width: 400px) 100vw, 400px\" \/>\t\t\t\t\t\t<\/div>\r\n\t\t\t\t\t\t\t\t\t\t\t\t\t<div class=\"premium-blog-thumbnail-overlay\">\r\n\t\t\t\t\t\t\t\t<a class=\"elementor-icon\" href=\"http:\/\/circular-cs.pt\/pt\/samuel-niza-fala-sobre-a-cidade-e-a-sustentabilidade\/\" target=\"_blank\" aria-hidden=\"true\"><span>Samuel Niza fala sobre &#8220;A Cidade e a Sustentabilidade&#8221;<\/span><\/a>\r\n\t\t\t\t\t\t\t<\/div>\r\n\t\t\t\t\t\t\t\t\t\t\t<\/div>\r\n\t\t\t\t\t\t\t\t\t\t\t\t<div class=\"premium-blog-content-wrapper \">\r\n\r\n\t\t\t\t\t<div class=\"premium-blog-inner-container\">\r\n\r\n\t\t\t\t\t\t\t\t\t\t\t\t\t\t<h2 class=\"premium-blog-entry-title\">\r\n\t\t\t<a href=\"http:\/\/circular-cs.pt\/pt\/samuel-niza-fala-sobre-a-cidade-e-a-sustentabilidade\/\" target=\"_blank\">\r\n\t\t\t\tSamuel Niza fala sobre &#8220;A Cidade e a Sustentabilidade&#8221;\t\t\t<\/a>\r\n\t\t<\/h2>\r\n\t\t\t\t<div class=\"premium-blog-entry-meta\">\r\n\t\t\t\r\n\t\t\t\r\n\t\t\t\r\n\t\t\t\t\t<\/div>\r\n\t\t\r\n\t\t\t\t\t<\/div>\r\n\r\n\t\t\t\t\t\t\t\t\t\t\r\n\t\t\t\t<\/div>\r\n\t\t\t<\/div>\r\n\t\t<\/div>\r\n\r\n\t\t\t\t<div class=\"premium-blog-post-outer-container economia-circular\" data-total=\"1\">\r\n\t\t\t<div class=\"premium-blog-post-container premium-blog-skin-classic\">\r\n\t\t\t\t\t\t\t\t\t<div class=\"premium-blog-thumb-effect-wrapper\">\r\n\t\t\t\t\t\t<div class=\"premium-blog-thumbnail-container premium-blog-zoomin-effect\">\r\n\t\t\t\t\t\t\t<img loading=\"lazy\" decoding=\"async\" width=\"400\" height=\"400\" src=\"https:\/\/circular-cs.pt\/wp-content\/uploads\/2023\/08\/Untitled-1c.png\" class=\"attachment-full size-full wp-image-5683\" alt=\"\" srcset=\"https:\/\/circular-cs.pt\/wp-content\/uploads\/2023\/08\/Untitled-1c.png 400w, https:\/\/circular-cs.pt\/wp-content\/uploads\/2023\/08\/Untitled-1c-300x300.png 300w, https:\/\/circular-cs.pt\/wp-content\/uploads\/2023\/08\/Untitled-1c-150x150.png 150w, https:\/\/circular-cs.pt\/wp-content\/uploads\/2023\/08\/Untitled-1c-170x170.png 170w\" sizes=\"(max-width: 400px) 100vw, 400px\" \/>\t\t\t\t\t\t<\/div>\r\n\t\t\t\t\t\t\t\t\t\t\t\t\t<div class=\"premium-blog-thumbnail-overlay\">\r\n\t\t\t\t\t\t\t\t<a class=\"elementor-icon\" href=\"http:\/\/circular-cs.pt\/pt\/estrategia-de-bioeconomia-circular-para-a-regiao-do-pinhal-interior\/\" target=\"_blank\" aria-hidden=\"true\"><span>Estrat\u00e9gia de Bioeconomia Circular para a Regi\u00e3o do Pinhal Interior<\/span><\/a>\r\n\t\t\t\t\t\t\t<\/div>\r\n\t\t\t\t\t\t\t\t\t\t\t<\/div>\r\n\t\t\t\t\t\t\t\t\t\t\t\t<div class=\"premium-blog-content-wrapper \">\r\n\r\n\t\t\t\t\t<div class=\"premium-blog-inner-container\">\r\n\r\n\t\t\t\t\t\t\t\t\t\t\t\t\t\t<h2 class=\"premium-blog-entry-title\">\r\n\t\t\t<a href=\"http:\/\/circular-cs.pt\/pt\/estrategia-de-bioeconomia-circular-para-a-regiao-do-pinhal-interior\/\" target=\"_blank\">\r\n\t\t\t\tEstrat\u00e9gia de Bioeconomia Circular para a Regi\u00e3o do Pinhal Interior\t\t\t<\/a>\r\n\t\t<\/h2>\r\n\t\t\t\t<div class=\"premium-blog-entry-meta\">\r\n\t\t\t\r\n\t\t\t\r\n\t\t\t\r\n\t\t\t\t\t<\/div>\r\n\t\t\r\n\t\t\t\t\t<\/div>\r\n\r\n\t\t\t\t\t\t\t\t\t\t\r\n\t\t\t\t<\/div>\r\n\t\t\t<\/div>\r\n\t\t<\/div>\r\n\r\n\t\t\t\t<div class=\"premium-blog-post-outer-container economia-circular\" data-total=\"1\">\r\n\t\t\t<div class=\"premium-blog-post-container premium-blog-skin-classic\">\r\n\t\t\t\t\t\t\t\t\t<div class=\"premium-blog-thumb-effect-wrapper\">\r\n\t\t\t\t\t\t<div class=\"premium-blog-thumbnail-container premium-blog-zoomin-effect\">\r\n\t\t\t\t\t\t\t<img loading=\"lazy\" decoding=\"async\" width=\"400\" height=\"400\" src=\"https:\/\/circular-cs.pt\/wp-content\/uploads\/2023\/08\/Untitled-1adaws.png\" class=\"attachment-full size-full wp-image-5710\" alt=\"\" srcset=\"https:\/\/circular-cs.pt\/wp-content\/uploads\/2023\/08\/Untitled-1adaws.png 400w, https:\/\/circular-cs.pt\/wp-content\/uploads\/2023\/08\/Untitled-1adaws-300x300.png 300w, https:\/\/circular-cs.pt\/wp-content\/uploads\/2023\/08\/Untitled-1adaws-150x150.png 150w, https:\/\/circular-cs.pt\/wp-content\/uploads\/2023\/08\/Untitled-1adaws-170x170.png 170w\" sizes=\"(max-width: 400px) 100vw, 400px\" \/>\t\t\t\t\t\t<\/div>\r\n\t\t\t\t\t\t\t\t\t\t\t\t\t<div class=\"premium-blog-thumbnail-overlay\">\r\n\t\t\t\t\t\t\t\t<a class=\"elementor-icon\" href=\"http:\/\/circular-cs.pt\/pt\/samuel-niza-no-ponto-de-encontro-da-lisboa-e-nova\/\" target=\"_blank\" aria-hidden=\"true\"><span>Samuel Niza no Ponto de Encontro da Lisboa E-Nova<\/span><\/a>\r\n\t\t\t\t\t\t\t<\/div>\r\n\t\t\t\t\t\t\t\t\t\t\t<\/div>\r\n\t\t\t\t\t\t\t\t\t\t\t\t<div class=\"premium-blog-content-wrapper \">\r\n\r\n\t\t\t\t\t<div class=\"premium-blog-inner-container\">\r\n\r\n\t\t\t\t\t\t\t\t\t\t\t\t\t\t<h2 class=\"premium-blog-entry-title\">\r\n\t\t\t<a href=\"http:\/\/circular-cs.pt\/pt\/samuel-niza-no-ponto-de-encontro-da-lisboa-e-nova\/\" target=\"_blank\">\r\n\t\t\t\tSamuel Niza no Ponto de Encontro da Lisboa E-Nova\t\t\t<\/a>\r\n\t\t<\/h2>\r\n\t\t\t\t<div class=\"premium-blog-entry-meta\">\r\n\t\t\t\r\n\t\t\t\r\n\t\t\t\r\n\t\t\t\t\t<\/div>\r\n\t\t\r\n\t\t\t\t\t<\/div>\r\n\r\n\t\t\t\t\t\t\t\t\t\t\r\n\t\t\t\t<\/div>\r\n\t\t\t<\/div>\r\n\t\t<\/div>\r\n\r\n\t\t\t\t<div class=\"premium-blog-post-outer-container economia-circular\" data-total=\"1\">\r\n\t\t\t<div class=\"premium-blog-post-container premium-blog-skin-classic\">\r\n\t\t\t\t\t\t\t\t\t<div class=\"premium-blog-thumb-effect-wrapper\">\r\n\t\t\t\t\t\t<div class=\"premium-blog-thumbnail-container premium-blog-zoomin-effect\">\r\n\t\t\t\t\t\t\t<img loading=\"lazy\" decoding=\"async\" width=\"400\" height=\"400\" src=\"https:\/\/circular-cs.pt\/wp-content\/uploads\/2023\/08\/Untitled-1faw.png\" class=\"attachment-full size-full wp-image-5709\" alt=\"\" srcset=\"https:\/\/circular-cs.pt\/wp-content\/uploads\/2023\/08\/Untitled-1faw.png 400w, https:\/\/circular-cs.pt\/wp-content\/uploads\/2023\/08\/Untitled-1faw-300x300.png 300w, https:\/\/circular-cs.pt\/wp-content\/uploads\/2023\/08\/Untitled-1faw-150x150.png 150w, https:\/\/circular-cs.pt\/wp-content\/uploads\/2023\/08\/Untitled-1faw-170x170.png 170w\" sizes=\"(max-width: 400px) 100vw, 400px\" \/>\t\t\t\t\t\t<\/div>\r\n\t\t\t\t\t\t\t\t\t\t\t\t\t<div class=\"premium-blog-thumbnail-overlay\">\r\n\t\t\t\t\t\t\t\t<a class=\"elementor-icon\" href=\"http:\/\/circular-cs.pt\/pt\/fazer-acontecer-a-economia-circular-no-algarve\/\" target=\"_blank\" aria-hidden=\"true\"><span>Fazer acontecer a Economia Circular no Algarve<\/span><\/a>\r\n\t\t\t\t\t\t\t<\/div>\r\n\t\t\t\t\t\t\t\t\t\t\t<\/div>\r\n\t\t\t\t\t\t\t\t\t\t\t\t<div class=\"premium-blog-content-wrapper \">\r\n\r\n\t\t\t\t\t<div class=\"premium-blog-inner-container\">\r\n\r\n\t\t\t\t\t\t\t\t\t\t\t\t\t\t<h2 class=\"premium-blog-entry-title\">\r\n\t\t\t<a href=\"http:\/\/circular-cs.pt\/pt\/fazer-acontecer-a-economia-circular-no-algarve\/\" target=\"_blank\">\r\n\t\t\t\tFazer acontecer a Economia Circular no Algarve\t\t\t<\/a>\r\n\t\t<\/h2>\r\n\t\t\t\t<div class=\"premium-blog-entry-meta\">\r\n\t\t\t\r\n\t\t\t\r\n\t\t\t\r\n\t\t\t\t\t<\/div>\r\n\t\t\r\n\t\t\t\t\t<\/div>\r\n\r\n\t\t\t\t\t\t\t\t\t\t\r\n\t\t\t\t<\/div>\r\n\t\t\t<\/div>\r\n\t\t<\/div>\r\n\r\n\t\t\t\t<div class=\"premium-blog-post-outer-container economia-circular\" data-total=\"1\">\r\n\t\t\t<div class=\"premium-blog-post-container premium-blog-skin-classic\">\r\n\t\t\t\t\t\t\t\t\t<div class=\"premium-blog-thumb-effect-wrapper\">\r\n\t\t\t\t\t\t<div class=\"premium-blog-thumbnail-container premium-blog-zoomin-effect\">\r\n\t\t\t\t\t\t\t<img loading=\"lazy\" decoding=\"async\" width=\"400\" height=\"400\" src=\"https:\/\/circular-cs.pt\/wp-content\/uploads\/2023\/08\/Unfdtitled-1.png\" class=\"attachment-full size-full wp-image-5719\" alt=\"\" srcset=\"https:\/\/circular-cs.pt\/wp-content\/uploads\/2023\/08\/Unfdtitled-1.png 400w, https:\/\/circular-cs.pt\/wp-content\/uploads\/2023\/08\/Unfdtitled-1-300x300.png 300w, https:\/\/circular-cs.pt\/wp-content\/uploads\/2023\/08\/Unfdtitled-1-150x150.png 150w, https:\/\/circular-cs.pt\/wp-content\/uploads\/2023\/08\/Unfdtitled-1-170x170.png 170w\" sizes=\"(max-width: 400px) 100vw, 400px\" \/>\t\t\t\t\t\t<\/div>\r\n\t\t\t\t\t\t\t\t\t\t\t\t\t<div class=\"premium-blog-thumbnail-overlay\">\r\n\t\t\t\t\t\t\t\t<a class=\"elementor-icon\" href=\"http:\/\/circular-cs.pt\/pt\/educacao-sustentabilidade-e-economia-circular\/\" target=\"_blank\" aria-hidden=\"true\"><span>Educa\u00e7\u00e3o, Sustentabilidade e Economia Circular<\/span><\/a>\r\n\t\t\t\t\t\t\t<\/div>\r\n\t\t\t\t\t\t\t\t\t\t\t<\/div>\r\n\t\t\t\t\t\t\t\t\t\t\t\t<div class=\"premium-blog-content-wrapper \">\r\n\r\n\t\t\t\t\t<div class=\"premium-blog-inner-container\">\r\n\r\n\t\t\t\t\t\t\t\t\t\t\t\t\t\t<h2 class=\"premium-blog-entry-title\">\r\n\t\t\t<a href=\"http:\/\/circular-cs.pt\/pt\/educacao-sustentabilidade-e-economia-circular\/\" target=\"_blank\">\r\n\t\t\t\tEduca\u00e7\u00e3o, Sustentabilidade e Economia Circular\t\t\t<\/a>\r\n\t\t<\/h2>\r\n\t\t\t\t<div class=\"premium-blog-entry-meta\">\r\n\t\t\t\r\n\t\t\t\r\n\t\t\t\r\n\t\t\t\t\t<\/div>\r\n\t\t\r\n\t\t\t\t\t<\/div>\r\n\r\n\t\t\t\t\t\t\t\t\t\t\r\n\t\t\t\t<\/div>\r\n\t\t\t<\/div>\r\n\t\t<\/div>\r\n\r\n\t\t\t\t<div class=\"premium-blog-post-outer-container economia-circular\" data-total=\"1\">\r\n\t\t\t<div class=\"premium-blog-post-container premium-blog-skin-classic\">\r\n\t\t\t\t\t\t\t\t\t<div class=\"premium-blog-thumb-effect-wrapper\">\r\n\t\t\t\t\t\t<div class=\"premium-blog-thumbnail-container premium-blog-zoomin-effect\">\r\n\t\t\t\t\t\t\t<img loading=\"lazy\" decoding=\"async\" width=\"400\" height=\"400\" src=\"https:\/\/circular-cs.pt\/wp-content\/uploads\/2023\/08\/Untsded-1.png\" class=\"attachment-full size-full wp-image-5707\" alt=\"\" srcset=\"https:\/\/circular-cs.pt\/wp-content\/uploads\/2023\/08\/Untsded-1.png 400w, https:\/\/circular-cs.pt\/wp-content\/uploads\/2023\/08\/Untsded-1-300x300.png 300w, https:\/\/circular-cs.pt\/wp-content\/uploads\/2023\/08\/Untsded-1-150x150.png 150w, https:\/\/circular-cs.pt\/wp-content\/uploads\/2023\/08\/Untsded-1-170x170.png 170w\" sizes=\"(max-width: 400px) 100vw, 400px\" \/>\t\t\t\t\t\t<\/div>\r\n\t\t\t\t\t\t\t\t\t\t\t\t\t<div class=\"premium-blog-thumbnail-overlay\">\r\n\t\t\t\t\t\t\t\t<a class=\"elementor-icon\" href=\"http:\/\/circular-cs.pt\/pt\/palestra-sobre-economia-circular-na-feira-do-ambiente-e-vegan-do-algarve-fava\/\" target=\"_blank\" aria-hidden=\"true\"><span>Palestra sobre Economia Circular na Feira do Ambiente e Vegan do Algarve (FAVA)<\/span><\/a>\r\n\t\t\t\t\t\t\t<\/div>\r\n\t\t\t\t\t\t\t\t\t\t\t<\/div>\r\n\t\t\t\t\t\t\t\t\t\t\t\t<div class=\"premium-blog-content-wrapper \">\r\n\r\n\t\t\t\t\t<div class=\"premium-blog-inner-container\">\r\n\r\n\t\t\t\t\t\t\t\t\t\t\t\t\t\t<h2 class=\"premium-blog-entry-title\">\r\n\t\t\t<a href=\"http:\/\/circular-cs.pt\/pt\/palestra-sobre-economia-circular-na-feira-do-ambiente-e-vegan-do-algarve-fava\/\" target=\"_blank\">\r\n\t\t\t\tPalestra sobre Economia Circular na Feira do Ambiente e Vegan do Algarve (FAVA)\t\t\t<\/a>\r\n\t\t<\/h2>\r\n\t\t\t\t<div class=\"premium-blog-entry-meta\">\r\n\t\t\t\r\n\t\t\t\r\n\t\t\t\r\n\t\t\t\t\t<\/div>\r\n\t\t\r\n\t\t\t\t\t<\/div>\r\n\r\n\t\t\t\t\t\t\t\t\t\t\r\n\t\t\t\t<\/div>\r\n\t\t\t<\/div>\r\n\t\t<\/div>\r\n\r\n\t\t\t\t<div class=\"premium-blog-post-outer-container gestao-sustentavel-de-recursos\" data-total=\"1\">\r\n\t\t\t<div class=\"premium-blog-post-container premium-blog-skin-classic\">\r\n\t\t\t\t\t\t\t\t\t<div class=\"premium-blog-thumb-effect-wrapper\">\r\n\t\t\t\t\t\t<div class=\"premium-blog-thumbnail-container premium-blog-zoomin-effect\">\r\n\t\t\t\t\t\t\t<img loading=\"lazy\" decoding=\"async\" width=\"400\" height=\"400\" src=\"https:\/\/circular-cs.pt\/wp-content\/uploads\/2023\/08\/Ungwetitled-1.png\" class=\"attachment-full size-full wp-image-5708\" alt=\"\" srcset=\"https:\/\/circular-cs.pt\/wp-content\/uploads\/2023\/08\/Ungwetitled-1.png 400w, https:\/\/circular-cs.pt\/wp-content\/uploads\/2023\/08\/Ungwetitled-1-300x300.png 300w, https:\/\/circular-cs.pt\/wp-content\/uploads\/2023\/08\/Ungwetitled-1-150x150.png 150w, https:\/\/circular-cs.pt\/wp-content\/uploads\/2023\/08\/Ungwetitled-1-170x170.png 170w\" sizes=\"(max-width: 400px) 100vw, 400px\" \/>\t\t\t\t\t\t<\/div>\r\n\t\t\t\t\t\t\t\t\t\t\t\t\t<div class=\"premium-blog-thumbnail-overlay\">\r\n\t\t\t\t\t\t\t\t<a class=\"elementor-icon\" href=\"http:\/\/circular-cs.pt\/pt\/estado-de-valorizacao-dos-residuos-organicos-alimentares-em-lisboa\/\" target=\"_blank\" aria-hidden=\"true\"><span>Estado de Valoriza\u00e7\u00e3o dos Res\u00edduos Org\u00e2nicos Alimentares em Lisboa<\/span><\/a>\r\n\t\t\t\t\t\t\t<\/div>\r\n\t\t\t\t\t\t\t\t\t\t\t<\/div>\r\n\t\t\t\t\t\t\t\t\t\t\t\t<div class=\"premium-blog-content-wrapper \">\r\n\r\n\t\t\t\t\t<div class=\"premium-blog-inner-container\">\r\n\r\n\t\t\t\t\t\t\t\t\t\t\t\t\t\t<h2 class=\"premium-blog-entry-title\">\r\n\t\t\t<a href=\"http:\/\/circular-cs.pt\/pt\/estado-de-valorizacao-dos-residuos-organicos-alimentares-em-lisboa\/\" target=\"_blank\">\r\n\t\t\t\tEstado de Valoriza\u00e7\u00e3o dos Res\u00edduos Org\u00e2nicos Alimentares em Lisboa\t\t\t<\/a>\r\n\t\t<\/h2>\r\n\t\t\t\t<div class=\"premium-blog-entry-meta\">\r\n\t\t\t\r\n\t\t\t\r\n\t\t\t\r\n\t\t\t\t\t<\/div>\r\n\t\t\r\n\t\t\t\t\t<\/div>\r\n\r\n\t\t\t\t\t\t\t\t\t\t\r\n\t\t\t\t<\/div>\r\n\t\t\t<\/div>\r\n\t\t<\/div>\r\n\r\n\t\t\t\t<\/div>\r\n\r\n\t\t\t\t<\/div>\n\t\t\t\t<\/div>\n\t\t\t\t<div class=\"elementor-element elementor-element-08b645d elementor-widget elementor-widget-spacer\" data-id=\"08b645d\" data-element_type=\"widget\" data-widget_type=\"spacer.default\">\n\t\t\t\t<div class=\"elementor-widget-container\">\n\t\t\t\t\t<div class=\"elementor-spacer\">\n\t\t\t<div class=\"elementor-spacer-inner\"><\/div>\n\t\t<\/div>\n\t\t\t\t<\/div>\n\t\t\t\t<\/div>\n\t\t\t\t<div class=\"elementor-element elementor-element-af1124f elementor-widget elementor-widget-spacer\" data-id=\"af1124f\" data-element_type=\"widget\" data-widget_type=\"spacer.default\">\n\t\t\t\t<div class=\"elementor-widget-container\">\n\t\t\t\t\t<div class=\"elementor-spacer\">\n\t\t\t<div class=\"elementor-spacer-inner\"><\/div>\n\t\t<\/div>\n\t\t\t\t<\/div>\n\t\t\t\t<\/div>\n\t\t\t\t\t<\/div>\n\t\t<\/div>\n\t\t\t\t\t<\/div>\n\t\t<\/section>\n\t\t\t\t<section class=\"elementor-section elementor-top-section elementor-element elementor-element-53fd5df container-width-1500 elementor-section-stretched elementor-section-boxed elementor-section-height-default elementor-section-height-default wpr-particle-no wpr-jarallax-no wpr-parallax-no wpr-sticky-section-no\" data-id=\"53fd5df\" data-element_type=\"section\" data-settings=\"{&quot;background_background&quot;:&quot;classic&quot;,&quot;stretch_section&quot;:&quot;section-stretched&quot;,&quot;_ha_eqh_enable&quot;:false}\">\n\t\t\t\t\t\t\t<div class=\"elementor-background-overlay\"><\/div>\n\t\t\t\t\t\t\t<div class=\"elementor-container elementor-column-gap-default\">\n\t\t\t\t\t<div class=\"elementor-column elementor-col-100 elementor-top-column elementor-element elementor-element-981f7c0\" data-id=\"981f7c0\" data-element_type=\"column\">\n\t\t\t<div class=\"elementor-widget-wrap elementor-element-populated\">\n\t\t\t\t\t\t<div class=\"elementor-element elementor-element-9c3906a elementor-widget elementor-widget-spacer\" data-id=\"9c3906a\" data-element_type=\"widget\" data-widget_type=\"spacer.default\">\n\t\t\t\t<div class=\"elementor-widget-container\">\n\t\t\t\t\t<div class=\"elementor-spacer\">\n\t\t\t<div class=\"elementor-spacer-inner\"><\/div>\n\t\t<\/div>\n\t\t\t\t<\/div>\n\t\t\t\t<\/div>\n\t\t\t\t<section class=\"elementor-section elementor-inner-section elementor-element elementor-element-3c04d47 elementor-section-content-middle elementor-section-boxed elementor-section-height-default elementor-section-height-default wpr-particle-no wpr-jarallax-no wpr-parallax-no wpr-sticky-section-no\" data-id=\"3c04d47\" data-element_type=\"section\" data-settings=\"{&quot;background_background&quot;:&quot;classic&quot;,&quot;_ha_eqh_enable&quot;:false}\">\n\t\t\t\t\t\t<div class=\"elementor-container elementor-column-gap-default\">\n\t\t\t\t\t<div class=\"elementor-column elementor-col-50 elementor-inner-column elementor-element elementor-element-737085a\" data-id=\"737085a\" data-element_type=\"column\">\n\t\t\t<div class=\"elementor-widget-wrap elementor-element-populated\">\n\t\t\t\t\t\t<div class=\"elementor-element elementor-element-efcc514 align-left elementor-widget elementor-widget-mae-headings\" data-id=\"efcc514\" data-element_type=\"widget\" data-widget_type=\"mae-headings.default\">\n\t\t\t\t<div class=\"elementor-widget-container\">\n\t\t\t\t\t<div class=\"master-heading\">\n\t        \t            <div class=\"pre-heading\">CONTACTOS<\/div>\n\t        \n\t        \t        <h2 class=\"main-heading\">Fale Connosco<\/h2>\n\t        \n\t        \t        <div class=\"divider\"><\/div>\n\t        \n\t        \t    <\/div>\n\t    \t\t<\/div>\n\t\t\t\t<\/div>\n\t\t\t\t<div class=\"elementor-element elementor-element-aff3d06 align-left elementor-widget elementor-widget-mae-link\" data-id=\"aff3d06\" data-element_type=\"widget\" data-widget_type=\"mae-link.default\">\n\t\t\t\t<div class=\"elementor-widget-container\">\n\t\t\t\n        <a class=\"master-link  icon-left\" href=\"mailto:%20circular-cs@circular-cs.pt%20\" >\n            <span class=\"icon fa fa-arrow-right\"><\/span>            <span>Email: circular-cs@circular-cs.pt <\/span>\n                    <\/a>\n\n        \t\t<\/div>\n\t\t\t\t<\/div>\n\t\t\t\t<div class=\"elementor-element elementor-element-5d22b23 elementor-widget elementor-widget-spacer\" data-id=\"5d22b23\" data-element_type=\"widget\" data-widget_type=\"spacer.default\">\n\t\t\t\t<div class=\"elementor-widget-container\">\n\t\t\t\t\t<div class=\"elementor-spacer\">\n\t\t\t<div class=\"elementor-spacer-inner\"><\/div>\n\t\t<\/div>\n\t\t\t\t<\/div>\n\t\t\t\t<\/div>\n\t\t\t\t<div class=\"elementor-element elementor-element-ca6a9c7 align-left elementor-widget elementor-widget-mae-link\" data-id=\"ca6a9c7\" data-element_type=\"widget\" data-widget_type=\"mae-link.default\">\n\t\t\t\t<div class=\"elementor-widget-container\">\n\t\t\t\n        <a class=\"master-link  icon-left\" href=\"\" >\n            <span class=\"icon fa fa-arrow-right\"><\/span>            <span>Telefone: +351 96 486 27 46<\/span>\n                    <\/a>\n\n        \t\t<\/div>\n\t\t\t\t<\/div>\n\t\t\t\t<div class=\"elementor-element elementor-element-3ff6955 elementor-widget elementor-widget-spacer\" data-id=\"3ff6955\" data-element_type=\"widget\" data-widget_type=\"spacer.default\">\n\t\t\t\t<div class=\"elementor-widget-container\">\n\t\t\t\t\t<div class=\"elementor-spacer\">\n\t\t\t<div class=\"elementor-spacer-inner\"><\/div>\n\t\t<\/div>\n\t\t\t\t<\/div>\n\t\t\t\t<\/div>\n\t\t\t\t<div class=\"elementor-element elementor-element-86fcaee align-left elementor-widget elementor-widget-mae-link\" data-id=\"86fcaee\" data-element_type=\"widget\" data-widget_type=\"mae-link.default\">\n\t\t\t\t<div class=\"elementor-widget-container\">\n\t\t\t\n        <a class=\"master-link  icon-left\" href=\"\" >\n            <span class=\"icon fa fa-arrow-right\"><\/span>            <span>Morada: Rua Fialho de Almeida n.\u00ba 11, 2\u00ba Esquerdo 1070-128 Lisboa Portugal<\/span>\n                    <\/a>\n\n        \t\t<\/div>\n\t\t\t\t<\/div>\n\t\t\t\t<div class=\"elementor-element elementor-element-7d2adb8 elementor-widget elementor-widget-spacer\" data-id=\"7d2adb8\" data-element_type=\"widget\" data-widget_type=\"spacer.default\">\n\t\t\t\t<div class=\"elementor-widget-container\">\n\t\t\t\t\t<div class=\"elementor-spacer\">\n\t\t\t<div class=\"elementor-spacer-inner\"><\/div>\n\t\t<\/div>\n\t\t\t\t<\/div>\n\t\t\t\t<\/div>\n\t\t\t\t\t<\/div>\n\t\t<\/div>\n\t\t\t\t<div class=\"elementor-column elementor-col-50 elementor-inner-column elementor-element elementor-element-99cd54c\" data-id=\"99cd54c\" data-element_type=\"column\">\n\t\t\t<div class=\"elementor-widget-wrap elementor-element-populated\">\n\t\t\t\t\t\t<div class=\"elementor-element elementor-element-79de313 align-justify cf7-style-1 elementor-widget elementor-widget-mae-contact-form-7\" data-id=\"79de313\" data-element_type=\"widget\" data-widget_type=\"mae-contact-form-7.default\">\n\t\t\t\t<div class=\"elementor-widget-container\">\n\t\t\t<div class=\"elementor-shortcode master-cf7-0\">\n<div class=\"wpcf7 no-js\" id=\"wpcf7-f586-o1\" lang=\"en-US\" dir=\"ltr\">\n<div class=\"screen-reader-response\"><p role=\"status\" aria-live=\"polite\" aria-atomic=\"true\"><\/p> <ul><\/ul><\/div>\n<form action=\"\/pt\/wp-json\/wp\/v2\/pages\/6033#wpcf7-f586-o1\" method=\"post\" class=\"wpcf7-form init\" aria-label=\"Contact form\" novalidate=\"novalidate\" data-status=\"init\">\n<div style=\"display: none;\">\n<input type=\"hidden\" name=\"_wpcf7\" value=\"586\" \/>\n<input type=\"hidden\" name=\"_wpcf7_version\" value=\"5.8.7\" \/>\n<input type=\"hidden\" name=\"_wpcf7_locale\" value=\"en_US\" \/>\n<input type=\"hidden\" name=\"_wpcf7_unit_tag\" value=\"wpcf7-f586-o1\" \/>\n<input type=\"hidden\" name=\"_wpcf7_container_post\" value=\"0\" \/>\n<input type=\"hidden\" name=\"_wpcf7_posted_data_hash\" value=\"\" \/>\n<\/div>\n<span class=\"wpcf7-form-control-wrap\" data-name=\"your-name\"><input size=\"40\" class=\"wpcf7-form-control wpcf7-text wpcf7-validates-as-required\" aria-required=\"true\" aria-invalid=\"false\" value=\"Nome\" type=\"text\" name=\"your-name\" \/><\/span>\n\n<span class=\"wpcf7-form-control-wrap\" data-name=\"your-email\"><input size=\"40\" class=\"wpcf7-form-control wpcf7-email wpcf7-validates-as-required wpcf7-text wpcf7-validates-as-email\" aria-required=\"true\" aria-invalid=\"false\" value=\"Email\" type=\"email\" name=\"your-email\" \/><\/span>\n\n<span class=\"wpcf7-form-control-wrap\" data-name=\"your-message\"><textarea cols=\"40\" rows=\"10\" class=\"wpcf7-form-control wpcf7-textarea\" aria-invalid=\"false\" name=\"your-message\">Mensagem<\/textarea><\/span>\n\n<button class=\"wpcf7-submit\">Enviar<\/button><div class=\"wpcf7-response-output\" aria-hidden=\"true\"><\/div>\n<\/form>\n<\/div>\n<\/div>\t\t<\/div>\n\t\t\t\t<\/div>\n\t\t\t\t\t<\/div>\n\t\t<\/div>\n\t\t\t\t\t<\/div>\n\t\t<\/section>\n\t\t\t\t<div class=\"elementor-element elementor-element-0edbb9d elementor-widget elementor-widget-spacer\" data-id=\"0edbb9d\" data-element_type=\"widget\" data-widget_type=\"spacer.default\">\n\t\t\t\t<div class=\"elementor-widget-container\">\n\t\t\t\t\t<div class=\"elementor-spacer\">\n\t\t\t<div class=\"elementor-spacer-inner\"><\/div>\n\t\t<\/div>\n\t\t\t\t<\/div>\n\t\t\t\t<\/div>\n\t\t\t\t\t<\/div>\n\t\t<\/div>\n\t\t\t\t\t<\/div>\n\t\t<\/section>\n\t\t\t\t<\/div>\n\t\t","protected":false},"excerpt":{"rendered":"<p>BLOG BLOG Not\u00edcias e eventos recentes Tudo Avalia\u00e7\u00e3o do Ciclo de Vida Economia Circular Gest\u00e3o Sustent\u00e1vel de Recursos Circular supports APIMA assessing its members\u2019 circular economy practices Circular supports APIMA assessing its members\u2019 circular economy practices The Diagnostics of the State of Food Waste Recovery in Lisbon is now published<\/p>\n","protected":false},"author":2,"featured_media":0,"parent":0,"menu_order":0,"comment_status":"closed","ping_status":"closed","template":"","meta":{"footnotes":""},"_links":{"self":[{"href":"http:\/\/circular-cs.pt\/pt\/wp-json\/wp\/v2\/pages\/6033"}],"collection":[{"href":"http:\/\/circular-cs.pt\/pt\/wp-json\/wp\/v2\/pages"}],"about":[{"href":"http:\/\/circular-cs.pt\/pt\/wp-json\/wp\/v2\/types\/page"}],"author":[{"embeddable":true,"href":"http:\/\/circular-cs.pt\/pt\/wp-json\/wp\/v2\/users\/2"}],"replies":[{"embeddable":true,"href":"http:\/\/circular-cs.pt\/pt\/wp-json\/wp\/v2\/comments?post=6033"}],"version-history":[{"count":14,"href":"http:\/\/circular-cs.pt\/pt\/wp-json\/wp\/v2\/pages\/6033\/revisions"}],"predecessor-version":[{"id":6152,"href":"http:\/\/circular-cs.pt\/pt\/wp-json\/wp\/v2\/pages\/6033\/revisions\/6152"}],"wp:attachment":[{"href":"http:\/\/circular-cs.pt\/pt\/wp-json\/wp\/v2\/media?parent=6033"}],"curies":[{"name":"wp","href":"https:\/\/api.w.org\/{rel}","templated":true}]}}